{"id":17076,"date":"2021-02-17T16:36:12","date_gmt":"2021-02-17T16:36:12","guid":{"rendered":"https:\/\/przedszkole-alwernia.pl\/?page_id=17076"},"modified":"2021-02-17T16:36:12","modified_gmt":"2021-02-17T16:36:12","slug":"deklaracja-dostepnosci-cyfrowej-dla-strony-internetowej","status":"publish","type":"page","link":"https:\/\/przedszkole-alwernia.pl\/?page_id=17076","title":{"rendered":"Deklaracja dost\u0119pno\u015bci cyfrowej dla strony internetowej"},"content":{"rendered":"<p><strong>DEKLARACJA DOST\u0118PNO\u015aCI CYFROWEJ DLA STRONY INTERNETOWEJ<\/strong><\/p>\n<p><strong>Wst\u0119p \u2013 <\/strong>Przedszkole Samorz\u0105dowe \u201eT\u0119czowa Kraina\u201d w Alwerni z fili\u0105 w Grojcu zobowi\u0105zuje si\u0119 zapewni\u0107 dost\u0119pno\u015b\u0107 swojej strony internetowej zgodnie z przepisami ustawy z dnia<br \/>\n4 kwietnia 2019 roku o dost\u0119pno\u015bci cyfrowej stron internetowych i aplikacji mobilnych podmiot\u00f3w publicznych. O\u015bwiadczenie w sprawie dost\u0119pno\u015bci ma zastosowanie do strony internetowej: <a href=\"https:\/\/przedszkole-alwernia.pl\">www.przedszkole-alwernia.pl<\/a><\/p>\n<p><strong>Dane teleadresowe jednostki:<br \/>\n<\/strong>Przedszkole Samorz\u0105dowe \u201eT\u0119czowa Kraina\u201d w Alwerni z fili\u0105 w Grojcu, ul. M. Sk\u0142odowskiej-Curie 2, 32-566 , tel. 12\u00a0283 16 52; Filia w Grojcu \u2013 Grojec, ul. B. G\u0142owackiego 13,<br \/>\n32-566 Alwernia, tel. 12\u00a0283 24 44.<br \/>\nData publikacji strony: 04.09.2013 roku<br \/>\nData ostatniej istotnej aktualizacji: 16.02.2021 roku<\/p>\n<p><strong>Status pod wzgl\u0119dem zgodno\u015bci z ustaw\u0105:<br \/>\n<\/strong>Strona internetowa jest cz\u0119\u015bciowo zgodna z ustaw\u0105 z dnia 4 kwietnia 2019 roku<br \/>\no dost\u0119pno\u015bci cyfrowej stron internetowych i aplikacji mobilnych podmiot\u00f3w publicznych<br \/>\nz powodu niezgodno\u015bci lub wy\u0142\u0105cze\u0144 wymienionych poni\u017cej:<br \/>\n&#8211; brak opis\u00f3w zdj\u0119\u0107, tekst\u00f3w alternatywnego dla czytelnik\u00f3w obs\u0142ugiwanych przez osoby niepe\u0142nosprawne,<br \/>\n&#8211; filmy nie posiadaj\u0105 napis\u00f3w dla os\u00f3b g\u0142uchych,<br \/>\n&#8211; zdj\u0119cia nie posiadaj\u0105 pe\u0142nych opis\u00f3w alternatywnych.<\/p>\n<p><strong>Powody wy\u0142\u0105czenia:<br \/>\n<\/strong>&#8211; brak tekstu alternatywnego oraz elementu na pierwszej stronie dla czytnik\u00f3w obs\u0142ugiwanych przez osoby niepe\u0142nosprawne,<br \/>\n&#8211; publikowane zdj\u0119cia nie posiadaj\u0105 opisu alternatywnego,<br \/>\n&#8211; filmy nie posiadaj\u0105 napis\u00f3w dla os\u00f3b g\u0142uchych,<br \/>\n&#8211; mapy s\u0105 wy\u0142\u0105czone z obowi\u0105zku zapewnienia dost\u0119pno\u015bci,<br \/>\n&#8211; administratorzy dok\u0142adaj\u0105 wszelkich stara\u0144, aby dane zamieszczone na stronie by\u0142y zrozumia\u0142e oraz formatowane w spos\u00f3b zgodny z zasadami dost\u0119pno\u015bci.<\/p>\n<p><strong>U\u0142atwienia na stronie internetowej:<br \/>\n<\/strong>Strona posiada nast\u0119puj\u0105ce u\u0142atwienia: powi\u0119kszony tekst, skala szaro\u015bci, wysoki kontrast, negatywny kontrast, jasne t\u0142o, linki podkre\u015blone, du\u017ca czcionka.<\/p>\n<p><strong>Data sporz\u0105dzenia deklaracji:<br \/>\n<\/strong>Deklaracj\u0119 sporz\u0105dzono dnia: 17.02.2021 roku<\/p>\n<p><strong>Informacje zwrotne i dane kontaktowe:<br \/>\n<\/strong>Kontaktowa\u0107 mo\u017cna si\u0119 dzwoni\u0105c na numer\u00a0 telefonu: 12\u00a0283 16 52, lub<br \/>\ne-mailowo: <a href=\"mailto:ps1alwernia@alwernia.pl\">ps1alwernia@alwernia.pl<\/a><\/p>\n<p><strong>Informacje na temat procedury odwo\u0142awczej:<br \/>\n<\/strong>Uprzejmie informujemy, \u017ce zgodnie z ustaw\u0105 z dnia 4 kwietnia 2019 roku o dost\u0119pno\u015bci cyfrowej stron internetowych i aplikacji mobilnych podmiot\u00f3w publicznych ka\u017cdy ma prawo wyst\u0105pi\u0107 do podmiotu publicznego z \u017c\u0105daniem udost\u0119pnienia cyfrowego wskazanej strony internetowej, aplikacji mobilnej lub ich element\u00f3w, ewentualnie zapewnienia dost\u0119pu alternatywnego, na warunkach okre\u015blonych w ustawie. W przypadku odmowy wnosz\u0105cy \u017c\u0105danie mo\u017ce z\u0142o\u017cy\u0107 skarg\u0119 z zastosowaniem przepis\u00f3w ustawy z dnia 14 czerwca 1960 roku Kodeks post\u0119powania administracyjnego, a tak\u017ce powiadomi\u0107 Rzecznika Praw Obywatelskich: <a href=\"http:\/\/www.rpo.gov.pl\">www.rpo.gov.pl<\/a><\/p>\n<p><strong>Dost\u0119pno\u015b\u0107 architektoniczna:<br \/>\n<\/strong>&#8211; Przedszkole Samorz\u0105dowe \u201eT\u0119czowa Kraina\u201d w Alwerni z fili\u0105 w Grojcu\u00a0 w budynku g\u0142\u00f3wnym w Alwerni przy ul. M. Sk\u0142odowskiej-Curie 2, posiada przed wej\u015bciem g\u0142\u00f3wnym podjazd dla w\u00f3zk\u00f3w inwalidzkich. Do budynku prowadz\u0105 szerokie drzwi wej\u015bciowe, w \u015brodku znajduj\u0105 si\u0119 szerokie korytarze i dwuskrzyd\u0142owe drzwi wewn\u0119trzne. Na parterze znajduje si\u0119 toaleta dostosowana dla os\u00f3b niepe\u0142nosprawnych. Przedszkole posiada wind\u0119 osobow\u0105 umo\u017cliwiaj\u0105c\u0105 osobom niepe\u0142nosprawnym przemieszczanie si\u0119 na\u00a0 pi\u0119tro budynku. Budynek spe\u0142nia wymogi dost\u0119pno\u015bci dla os\u00f3b niepe\u0142nosprawnych.<br \/>\nBudynek filii w Grojcu przy ul. B. G\u0142owackiego 13 nie spe\u0142nia wymog\u00f3w dost\u0119pno\u015bci dla os\u00f3b niepe\u0142nosprawnych.<br \/>\n&#8211; Osobami oddelegowanymi do udzielania informacji s\u0105: dyrektor i wicedyrektor przedszkola<br \/>\n&#8211; Do przedszkola mo\u017ce wej\u015b\u0107 osoba z psem asystuj\u0105cym<\/p>\n<p><strong>Aplikacje mobilne:<br \/>\n<\/strong>Przedszkole nie posiada aplikacji mobilnej.<\/p>\n","protected":false},"excerpt":{"rendered":"<p>DEKLARACJA DOST\u0118PNO\u015aCI CYFROWEJ DLA STRONY INTERNETOWEJ Wst\u0119p \u2013 Przedszkole Samorz\u0105dowe \u201eT\u0119czowa Kraina\u201d w Alwerni z fili\u0105 w Grojcu zobowi\u0105zuje si\u0119 zapewni\u0107 dost\u0119pno\u015b\u0107 swojej strony internetowej zgodnie z przepisami ustawy z dnia 4 kwietnia 2019 roku o dost\u0119pno\u015bci cyfrowej stron internetowych i aplikacji mobilnych podmiot\u00f3w publicznych. O\u015bwiadczenie w sprawie dost\u0119pno\u015bci ma zastosowanie do strony internetowej: www.przedszkole-alwernia.pl [&hellip;]<\/p>\n","protected":false},"author":2,"featured_media":0,"parent":0,"menu_order":0,"comment_status":"closed","ping_status":"closed","template":"","meta":{"footnotes":""},"class_list":["post-17076","page","type-page","status-publish","hentry"],"_links":{"self":[{"href":"https:\/\/przedszkole-alwernia.pl\/index.php?rest_route=\/wp\/v2\/pages\/17076","targetHints":{"allow":["GET"]}}],"collection":[{"href":"https:\/\/przedszkole-alwernia.pl\/index.php?rest_route=\/wp\/v2\/pages"}],"about":[{"href":"https:\/\/przedszkole-alwernia.pl\/index.php?rest_route=\/wp\/v2\/types\/page"}],"author":[{"embeddable":true,"href":"https:\/\/przedszkole-alwernia.pl\/index.php?rest_route=\/wp\/v2\/users\/2"}],"replies":[{"embeddable":true,"href":"https:\/\/przedszkole-alwernia.pl\/index.php?rest_route=%2Fwp%2Fv2%2Fcomments&post=17076"}],"version-history":[{"count":2,"href":"https:\/\/przedszkole-alwernia.pl\/index.php?rest_route=\/wp\/v2\/pages\/17076\/revisions"}],"predecessor-version":[{"id":18688,"href":"https:\/\/przedszkole-alwernia.pl\/index.php?rest_route=\/wp\/v2\/pages\/17076\/revisions\/18688"}],"wp:attachment":[{"href":"https:\/\/przedszkole-alwernia.pl\/index.php?rest_route=%2Fwp%2Fv2%2Fmedia&parent=17076"}],"curies":[{"name":"wp","href":"https:\/\/api.w.org\/{rel}","templated":true}]}}