{"id":5546,"date":"2017-01-26T20:21:36","date_gmt":"2017-01-26T20:21:36","guid":{"rendered":"https:\/\/przedszkole-alwernia.pl\/?page_id=5546"},"modified":"2025-10-26T15:04:33","modified_gmt":"2025-10-26T15:04:33","slug":"1-podatku-dla-naszego-przedszkola","status":"publish","type":"page","link":"https:\/\/przedszkole-alwernia.pl\/?page_id=5546","title":{"rendered":"1,5% podatku dla naszego przedszkola"},"content":{"rendered":"<article id=\"post-5355\" class=\"post-5355 post type-post status-publish format-standard hentry category-uncategorized\">\n<div class=\"entry-content clearfix\">\n<p lang=\"zxx\">\u00a0 \u00a0 \u00a0 \u00a0 \u00a0 \u00a0 \u00a0 \u00a0 \u00a0 \u00a0 \u00a0 \u00a0 \u00a0 \u00a0 \u00a0 \u00a0 \u00a0 \u00a0 \u00a0 \u00a0 \u00a0 \u00a0 \u00a0 \u00a0 \u00a0 \u00a0 \u00a0 \u00a0 \u00a0 \u00a0 \u00a0 \u00a0 \u00a0 \u00a0 \u00a0 \u00a0 \u00a0\u00a0<a title=\"\" href=\"https:\/\/przedszkole-alwernia.pl\/wp-content\/uploads\/2017\/01\/1.png\" data-rel=\"lightbox-image-bGlnaHRib3gtMA==\" data-rl_title=\"\" data-rl_caption=\"\"><img loading=\"lazy\" decoding=\"async\" class=\"alignnone size-medium wp-image-5356\" src=\"https:\/\/przedszkole-alwernia.pl\/wp-content\/uploads\/2017\/01\/1-300x129.png\" sizes=\"auto, (max-width: 300px) 100vw, 300px\" srcset=\"https:\/\/przedszkole-alwernia.pl\/wp-content\/uploads\/2017\/01\/1-300x129.png 300w, https:\/\/przedszkole-alwernia.pl\/wp-content\/uploads\/2017\/01\/1.png 342w\" alt=\"1\" width=\"300\" height=\"129\" \/><\/a><\/p>\n<p lang=\"zxx\"><em><strong>\u201cCz\u0142owiek jest wielki nie przez to, co posiada,<br \/>\nlecz przez to, kim jest; nie przez to, co ma,<br \/>\nlecz przez to, czym dzieli si\u0119 z innymi.\u201d<\/strong><\/em><br \/>\n<em>Jan Pawe\u0142 II<\/em><\/p>\n<p lang=\"zxx\"><strong>Zwracamy si\u0119 z ogromn\u0105 pro\u015bb\u0105 o wsparcie naszego przedszkola<\/strong><br \/>\n<strong>poprzez przekazanie <\/strong><strong>1,5 % podatku<\/strong><strong>.<\/strong><\/p>\n<p lang=\"zxx\">W tym celu nale\u017cy wpisa\u0107:<strong> nr KRS \u2013 0000052078<\/strong><\/p>\n<p lang=\"zxx\"><strong>Cel szczeg\u00f3\u0142owy 1,5% \u2013 Przedszkole Samorz\u0105dowe \u201cT\u0119czowa Kraina\u201d w Alwerni z fili\u0105 w Grojcu<br \/>\n<\/strong>Przekazanie \u015brodk\u00f3w na nasze przedszkole odbywa si\u0119 za po\u015brednictwem Stowarzyszenia Pomocy Szkole \u201cMa\u0142opolska\u201d<\/p>\n<p lang=\"zxx\">\n<\/div>\n<footer class=\"summary-entry-meta\"><\/footer>\n<\/article>\n","protected":false},"excerpt":{"rendered":"<p>\u00a0 \u00a0 \u00a0 \u00a0 \u00a0 \u00a0 \u00a0 \u00a0 \u00a0 \u00a0 \u00a0 \u00a0 \u00a0 \u00a0 \u00a0 \u00a0 \u00a0 \u00a0 \u00a0 \u00a0 \u00a0 \u00a0 \u00a0 \u00a0 \u00a0 \u00a0 \u00a0 \u00a0 \u00a0 \u00a0 \u00a0 \u00a0 \u00a0 \u00a0 \u00a0 \u00a0 \u00a0\u00a0 \u201cCz\u0142owiek jest wielki nie przez to, co posiada, lecz przez to, kim jest; nie przez to, co ma, [&hellip;]<\/p>\n","protected":false},"author":2,"featured_media":0,"parent":0,"menu_order":0,"comment_status":"closed","ping_status":"closed","template":"","meta":{"footnotes":""},"class_list":["post-5546","page","type-page","status-publish","hentry"],"_links":{"self":[{"href":"https:\/\/przedszkole-alwernia.pl\/index.php?rest_route=\/wp\/v2\/pages\/5546","targetHints":{"allow":["GET"]}}],"collection":[{"href":"https:\/\/przedszkole-alwernia.pl\/index.php?rest_route=\/wp\/v2\/pages"}],"about":[{"href":"https:\/\/przedszkole-alwernia.pl\/index.php?rest_route=\/wp\/v2\/types\/page"}],"author":[{"embeddable":true,"href":"https:\/\/przedszkole-alwernia.pl\/index.php?rest_route=\/wp\/v2\/users\/2"}],"replies":[{"embeddable":true,"href":"https:\/\/przedszkole-alwernia.pl\/index.php?rest_route=%2Fwp%2Fv2%2Fcomments&post=5546"}],"version-history":[{"count":1,"href":"https:\/\/przedszkole-alwernia.pl\/index.php?rest_route=\/wp\/v2\/pages\/5546\/revisions"}],"predecessor-version":[{"id":27449,"href":"https:\/\/przedszkole-alwernia.pl\/index.php?rest_route=\/wp\/v2\/pages\/5546\/revisions\/27449"}],"wp:attachment":[{"href":"https:\/\/przedszkole-alwernia.pl\/index.php?rest_route=%2Fwp%2Fv2%2Fmedia&parent=5546"}],"curies":[{"name":"wp","href":"https:\/\/api.w.org\/{rel}","templated":true}]}}